{"id":57,"date":"2011-03-23T11:16:45","date_gmt":"2011-03-23T11:16:45","guid":{"rendered":"https:\/\/szentes-klauzalgabor.hu\/iskola\/?page_id=57"},"modified":"2026-03-05T12:22:44","modified_gmt":"2026-03-05T11:22:44","slug":"tanev-rendje","status":"publish","type":"page","link":"https:\/\/szentes-klauzalgabor.hu\/iskola\/aktualis\/tanev-rendje","title":{"rendered":"Tan\u00e9v rendje"},"content":{"rendered":"<p>[et_pb_section fb_built=&#8221;1&#8243; admin_label=&#8221;section&#8221; _builder_version=&#8221;4.27.4&#8243; background_color=&#8221;#fff6d3&#8243; custom_padding=&#8221;6px|||||&#8221; global_colors_info=&#8221;{}&#8221;][et_pb_row _builder_version=&#8221;4.27.4&#8243; _module_preset=&#8221;default&#8221; global_colors_info=&#8221;{}&#8221;][et_pb_column type=&#8221;4_4&#8243; _builder_version=&#8221;4.27.4&#8243; _module_preset=&#8221;default&#8221; global_colors_info=&#8221;{}&#8221;][et_pb_text _builder_version=&#8221;4.27.4&#8243; _module_preset=&#8221;default&#8221; global_colors_info=&#8221;{}&#8221;]<\/p>\n<h1 style=\"text-align: center;\">Tan\u00e1raink<\/h1>\n<p>[\/et_pb_text][\/et_pb_column][\/et_pb_row][et_pb_row _builder_version=&#8221;4.27.4&#8243; _module_preset=&#8221;default&#8221; global_colors_info=&#8221;{}&#8221;][et_pb_column type=&#8221;4_4&#8243; _builder_version=&#8221;4.27.4&#8243; _module_preset=&#8221;default&#8221; global_colors_info=&#8221;{}&#8221;][et_pb_text _builder_version=&#8221;4.27.4&#8243; _module_preset=&#8221;default&#8221; hover_enabled=&#8221;0&#8243; global_colors_info=&#8221;{}&#8221; sticky_enabled=&#8221;0&#8243;]<\/p>\n<h2 data-start=\"143\" data-end=\"162\">Tan\u00e9v f\u0151 d\u00e1tumai<\/h2>\n<ul data-start=\"163\" data-end=\"390\">\n<li data-start=\"163\" data-end=\"217\">\n<p data-start=\"165\" data-end=\"217\"><strong data-start=\"165\" data-end=\"187\">Els\u0151 tan\u00edt\u00e1si nap:<\/strong> 2025. szeptember 1. (h\u00e9tf\u0151)<\/p>\n<\/li>\n<li data-start=\"218\" data-end=\"272\">\n<p data-start=\"220\" data-end=\"272\"><strong data-start=\"220\" data-end=\"244\">Utols\u00f3 tan\u00edt\u00e1si nap:<\/strong> 2026. j\u00fanius 19. (p\u00e9ntek)<\/p>\n<\/li>\n<li data-start=\"273\" data-end=\"310\">\n<p data-start=\"275\" data-end=\"310\"><strong data-start=\"275\" data-end=\"300\">Tan\u00edt\u00e1si napok sz\u00e1ma:<\/strong> 181 nap<\/p>\n<\/li>\n<li data-start=\"311\" data-end=\"390\">\n<p data-start=\"313\" data-end=\"390\"><strong data-start=\"313\" data-end=\"333\">Els\u0151 f\u00e9l\u00e9v v\u00e9ge:<\/strong> 2026. janu\u00e1r 23. <span class=\"\" data-state=\"closed\"><\/span><\/p>\n<\/li>\n<\/ul>\n<h2 data-start=\"392\" data-end=\"412\">Tan\u00edt\u00e1si sz\u00fcnetek<\/h2>\n<h3 data-start=\"414\" data-end=\"432\">&#x1f342; \u0150szi sz\u00fcnet<\/h3>\n<ul data-start=\"433\" data-end=\"638\">\n<li data-start=\"433\" data-end=\"478\">\n<p data-start=\"435\" data-end=\"478\"><strong data-start=\"435\" data-end=\"476\">2025. okt\u00f3ber 23. \u2013 2025. november 2.<\/strong><\/p>\n<\/li>\n<li data-start=\"479\" data-end=\"541\">\n<p data-start=\"481\" data-end=\"541\">Utols\u00f3 tan\u00edt\u00e1si nap el\u0151tte: <strong data-start=\"509\" data-end=\"539\">2025. okt\u00f3ber 22. (szerda)<\/strong><\/p>\n<\/li>\n<li data-start=\"542\" data-end=\"638\">\n<p data-start=\"544\" data-end=\"638\">Els\u0151 tan\u00edt\u00e1si nap ut\u00e1na: <strong data-start=\"569\" data-end=\"598\">2025. november 3. (h\u00e9tf\u0151)<\/strong> <span class=\"\" data-state=\"closed\"><\/span><\/p>\n<\/li>\n<\/ul>\n<h3 data-start=\"640\" data-end=\"658\">&#x1f384; T\u00e9li sz\u00fcnet<\/h3>\n<ul data-start=\"659\" data-end=\"862\">\n<li data-start=\"659\" data-end=\"703\">\n<p data-start=\"661\" data-end=\"703\"><strong data-start=\"661\" data-end=\"701\">2025. december 20. \u2013 2026. janu\u00e1r 4.<\/strong><\/p>\n<\/li>\n<li data-start=\"704\" data-end=\"767\">\n<p data-start=\"706\" data-end=\"767\">Utols\u00f3 tan\u00edt\u00e1si nap el\u0151tte: <strong data-start=\"734\" data-end=\"765\">2025. december 19. (p\u00e9ntek)<\/strong><\/p>\n<\/li>\n<li data-start=\"768\" data-end=\"862\">\n<p data-start=\"770\" data-end=\"862\">Els\u0151 tan\u00edt\u00e1si nap ut\u00e1na: <strong data-start=\"795\" data-end=\"822\">2026. janu\u00e1r 5. (h\u00e9tf\u0151)<\/strong> <span class=\"\" data-state=\"closed\"><\/span><\/p>\n<\/li>\n<\/ul>\n<h3 data-start=\"864\" data-end=\"885\">&#x1f337; Tavaszi sz\u00fcnet<\/h3>\n<ul data-start=\"886\" data-end=\"1089\">\n<li data-start=\"886\" data-end=\"930\">\n<p data-start=\"888\" data-end=\"930\"><strong data-start=\"888\" data-end=\"928\">2026. \u00e1prilis 2. \u2013 2026. \u00e1prilis 12.<\/strong><\/p>\n<\/li>\n<li data-start=\"931\" data-end=\"992\">\n<p data-start=\"933\" data-end=\"992\">Utols\u00f3 tan\u00edt\u00e1si nap el\u0151tte: <strong data-start=\"961\" data-end=\"990\">2026. \u00e1prilis 1. (szerda)<\/strong><\/p>\n<\/li>\n<li data-start=\"993\" data-end=\"1089\">\n<p data-start=\"995\" data-end=\"1089\">Els\u0151 tan\u00edt\u00e1si nap ut\u00e1na: <strong data-start=\"1020\" data-end=\"1049\">2026. \u00e1prilis 13. (h\u00e9tf\u0151)<\/strong> <span class=\"\" data-state=\"closed\"><\/span><\/p>\n<\/li>\n<\/ul>\n<h2 data-start=\"1091\" data-end=\"1109\">&#x1f31e; Ny\u00e1ri sz\u00fcnet<\/h2>\n<ul data-start=\"1110\" data-end=\"1249\">\n<li data-start=\"1110\" data-end=\"1156\">\n<p data-start=\"1112\" data-end=\"1156\"><strong data-start=\"1112\" data-end=\"1154\">2026. j\u00fanius 20. \u2013 2026. augusztus 31.<\/strong><\/p>\n<\/li>\n<li data-start=\"1157\" data-end=\"1249\">\n<p data-start=\"1159\" data-end=\"1249\">Utols\u00f3 tan\u00edt\u00e1si nap: <strong data-start=\"1180\" data-end=\"1209\">2026. j\u00fanius 19. (p\u00e9ntek)<\/strong><\/p>\n<\/li>\n<\/ul>\n<h2><span><\/span><\/h2>\n<h2><span>Tan\u00edt\u00e1s n\u00e9lk\u00fcli munkanapok<\/span><\/h2>\n<p><span>\u00a0<\/span><\/p>\n<p><span>\u00d6sszesen 5 munkanap, amelyb\u0151l 1 napot a di\u00e1k\u00f6nkorm\u00e1nyzat v\u00e9lem\u00e9nye alapj\u00e1n kell felhaszn\u00e1lni. A pontos d\u00e1tumokat az iskola hat\u00e1rozza meg (pl. nevel\u00e9si \u00e9rtekezlet, D\u00d6K-nap, p\u00e1lyaorient\u00e1ci\u00f3s nap, kir\u00e1ndul\u00e1s stb.).<\/span><\/p>\n<p>[\/et_pb_text][\/et_pb_column][\/et_pb_row][\/et_pb_section]<\/p>\n","protected":false},"excerpt":{"rendered":"<p>Tan\u00e1rainkTan\u00e9v f\u0151 d\u00e1tumai Els\u0151 tan\u00edt\u00e1si nap: 2025. szeptember 1. (h\u00e9tf\u0151) Utols\u00f3 tan\u00edt\u00e1si nap: 2026. j\u00fanius 19. (p\u00e9ntek) Tan\u00edt\u00e1si napok sz\u00e1ma: 181 nap Els\u0151 f\u00e9l\u00e9v v\u00e9ge: 2026. janu\u00e1r 23. Tan\u00edt\u00e1si sz\u00fcnetek &#x1f342; \u0150szi sz\u00fcnet 2025. okt\u00f3ber 23. \u2013 2025. november 2. Utols\u00f3 tan\u00edt\u00e1si nap el\u0151tte: 2025. okt\u00f3ber 22. (szerda) Els\u0151 tan\u00edt\u00e1si nap ut\u00e1na: 2025. november 3. [&hellip;]<\/p>\n","protected":false},"author":1,"featured_media":0,"parent":55,"menu_order":0,"comment_status":"closed","ping_status":"closed","template":"","meta":{"_et_pb_use_builder":"on","_et_pb_old_content":"<strong>Tan\u00e9v rendje<\/strong>\n\n<strong>\u00a0<\/strong>\n\n2022\/2023-as tan\u00e9v\n\nTan\u00e9v helyi rendje\n<ul>\n \t<li>els\u0151 tan\u00edt\u00e1si nap: 2022. szeptember 1.<\/li>\n \t<li>utols\u00f3 tan\u00edt\u00e1si nap: 2023. j\u00fanius 16.<\/li>\n \t<li>tan\u00edt\u00e1si napok sz\u00e1ma: 183<\/li>\n<\/ul>\n1, Az iskolai tan\u00edt\u00e1s n\u00e9lk\u00fcli munkanapok (4) id\u0151pontjai, felhaszn\u00e1l\u00e1sa\n\n1.: 2022. okt\u00f3ber 15. szombat, p\u00e1lyaorient\u00e1ci\u00f3s nap,\n2.: 2022. december 22. cs\u00fct\u00f6rt\u00f6k, nevel\u0151test\u00fcleti szakmai nap (tov\u00e1bbk\u00e9pz\u00e9s)\n\n3.: 2023. janu\u00e1r 20. p\u00e9ntek, f\u00e9l\u00e9vi nevel\u0151test\u00fcleti \u00e9rtekezlet;\n\n4.: 2023. j\u00falius 15. cs\u00fct\u00f6rt\u00f6k, di\u00e1k\u00f6nkorm\u00e1nyzati nap\n\n2, Az iskolai sz\u00fcnetek id\u0151pontja (a sz\u00fcnet el\u0151tti utols\u00f3 tan\u00edt\u00e1si nap \u00e9s a sz\u00fcnet ut\u00e1ni tan\u00edt\u00e1si nap megad\u00e1s\u00e1val)\n<ul>\n \t<li>t\u00e9li sz\u00fcnet:\u00a0 2022. december 22-t\u0151l 2023. janu\u00e1r 8-ig,<\/li>\n \t<li>tavaszi sz\u00fcnet:\u00a0 2023. \u00e1prilis 6-t\u00f3l 2023. \u00e1prilis 11-ig.<\/li>\n<\/ul>\n<table width=\"653\">\n<tbody>\n<tr>\n<td width=\"160\">Program<\/td>\n<td width=\"146\">Id\u0151pont<\/td>\n<td width=\"181\">Felel\u0151s<\/td>\n<td width=\"166\">Megjegyz\u00e9s<\/td>\n<\/tr>\n<tr>\n<td width=\"160\">Munkak\u00f6z\u00f6ss\u00e9gi megbesz\u00e9l\u00e9s<\/td>\n<td width=\"146\">2022.08.25<\/td>\n<td width=\"181\">Kerekesn\u00e9 T\u00f6r\u00f6k M\u00e1ria, F\u00e1brikn\u00e9 Gy\u0151ri Edit<\/td>\n<td width=\"166\"><\/td>\n<\/tr>\n<tr>\n<td width=\"160\">Tanmenetek k\u00e9sz\u00edt\u00e9se, kieg\u00e9sz\u00edt\u00e9se NAT 2020 k\u00f6vetelm\u00e9nyeinek figyelembev\u00e9tel\u00e9vel<\/td>\n<td width=\"146\">2022.09.01<\/td>\n<td width=\"181\"><\/td>\n<td width=\"166\"><\/td>\n<\/tr>\n<tr>\n<td width=\"160\">Tornaterem beoszt\u00e1s<\/td>\n<td width=\"146\">2022.09.01<\/td>\n<td width=\"181\">Munkak\u00f6z\u00f6ss\u00e9g vezet\u0151<\/td>\n<td width=\"166\"><\/td>\n<\/tr>\n<tr>\n<td width=\"160\">V\u00e1rosi munkak\u00f6z\u00f6ss\u00e9gi foglalkoz\u00e1son val\u00f3 r\u00e9szv\u00e9tel<\/td>\n<td width=\"146\">2022.09.01<\/td>\n<td width=\"181\">Munkak\u00f6z\u00f6ss\u00e9g vezet\u0151<\/td>\n<td width=\"166\"><\/td>\n<\/tr>\n<tr>\n<td width=\"160\">Gyerekek toborz\u00e1sa a G\u00e1t fut\u00e1sra<\/td>\n<td width=\"146\">2022.09.01<\/td>\n<td width=\"181\"><\/td>\n<td width=\"166\"><\/td>\n<\/tr>\n<tr>\n<td width=\"160\">Tan\u00e9vnyit\u00f3-tornaterem (1. oszt\u00e1lyosok m\u0171sora).<\/td>\n<td width=\"146\">2022.09.01<\/td>\n<td width=\"181\"><\/td>\n<td width=\"166\"><\/td>\n<\/tr>\n<tr>\n<td width=\"160\">Magyar n\u00e9pmese napja<\/td>\n<td width=\"146\">2022.09.01<\/td>\n<td width=\"181\"><\/td>\n<td width=\"166\"><\/td>\n<\/tr>\n<tr>\n<td width=\"160\">\u00c9v eleji nyit\u00f3 m\u00e9r\u00e9s sz\u00f6veg\u00e9rt\u00e9sb\u0151l \u00e9s magyar nyelvb\u0151l<\/td>\n<td width=\"146\">2022.09.20<\/td>\n<td width=\"181\">magyar tan\u00e1rok<\/td>\n<td width=\"166\"><\/td>\n<\/tr>\n<tr>\n<td width=\"160\">A magyar n\u00e9pmese napja \u2013 iskolai k\u00f6nyvt\u00e1ri program, meseolvas\u00e1s, mesevet\u00e9lked\u0151 a k\u00f6nyvt\u00e1rban. Csatlakoz\u00e1s a V\u00e1rosi Gyermekk\u00f6nyvt\u00e1r rendezv\u00e9nyeihez<\/td>\n<td width=\"146\">2022.09.30<\/td>\n<td width=\"181\">magyar szakosok + napk\u00f6zis nevel\u0151k<\/td>\n<td width=\"166\"><\/td>\n<\/tr>\n<tr>\n<td width=\"160\">Eur\u00f3pai Di\u00e1ksport Napja \u2013 programszervez\u00e9s , nevez\u00e9s<\/td>\n<td width=\"146\">2022.09.30<\/td>\n<td width=\"181\">Munkak\u00f6z\u00f6ss\u00e9g vezet\u0151<\/td>\n<td width=\"166\"><\/td>\n<\/tr>\n<tr>\n<td width=\"160\">HMG verseny sz\u00f6veg\u00e9rt\u00e9s<\/td>\n<td width=\"146\">2022.10.01<\/td>\n<td width=\"181\">F\u00e1ri Andrea, Keresztesn\u00e9 Farkas Erzs\u00e9bet<\/td>\n<td width=\"166\"><\/td>\n<\/tr>\n<tr>\n<td width=\"160\">Di\u00e1ksport Nap\u2013 A program besz\u00e1mol\u00f3j\u00e1nak elk\u00fcld\u00e9se a Di\u00e1ksport Sz\u00f6vets\u00e9g fel\u00e9<\/td>\n<td width=\"146\">2022.10.01<\/td>\n<td width=\"181\">Munkak\u00f6z\u00f6ss\u00e9g vezet\u0151<\/td>\n<td width=\"166\"><\/td>\n<\/tr>\n<tr>\n<td width=\"160\">Reform\u00e1ci\u00f3 Eml\u00e9kfut\u00e1s<\/td>\n<td width=\"146\">2022.10.01<\/td>\n<td width=\"181\">testnevel\u0151k<\/td>\n<td width=\"166\"><\/td>\n<\/tr>\n<tr>\n<td width=\"160\">Pap\u00edrgy\u0171jt\u00e9s<\/td>\n<td width=\"146\">2022.10.01<\/td>\n<td width=\"181\"><\/td>\n<td width=\"166\"><\/td>\n<\/tr>\n<tr>\n<td width=\"160\">P\u00e1lyaorient\u00e1ci\u00f3s nap (amennyiben a j\u00e1rv\u00e1nyhelyzet engedi)<\/td>\n<td width=\"146\">2022.10.01<\/td>\n<td width=\"181\"><\/td>\n<td width=\"166\"><\/td>\n<\/tr>\n<tr>\n<td width=\"160\">\u00dcnnepi megeml\u00e9kez\u00e9s az iskolar\u00e1di\u00f3ban az aradi v\u00e9rtan\u00fakr\u00f3l<\/td>\n<td width=\"146\">2022.10.06<\/td>\n<td width=\"181\">F\u00e1ri Andrea<\/td>\n<td width=\"166\"><\/td>\n<\/tr>\n<tr>\n<td width=\"160\">Iskola r\u00e1di\u00f3n kereszt\u00fcli m\u0171sor meghallgat\u00e1sa<\/td>\n<td width=\"146\">2022.10.06<\/td>\n<td width=\"181\"><\/td>\n<td width=\"166\"><\/td>\n<\/tr>\n<tr>\n<td width=\"160\">Iskolai program okt\u00f3ber 23-a tisztelet\u00e9re<\/td>\n<td width=\"146\">2022.10.21<\/td>\n<td width=\"181\">D\u00e9vay Istv\u00e1n<\/td>\n<td width=\"166\"><\/td>\n<\/tr>\n<tr>\n<td width=\"160\">R\u00e1di\u00f3s megeml\u00e9kez\u00e9s<\/td>\n<td width=\"146\">2022.10.23<\/td>\n<td width=\"181\"><\/td>\n<td width=\"166\"><\/td>\n<\/tr>\n<tr>\n<td width=\"160\">K\u00f6nyvt\u00e1rhaszn\u00e1lati vet\u00e9lked\u0151 \/v\u00e1rosi\/<\/td>\n<td width=\"146\">2022.11.01<\/td>\n<td width=\"181\">Urbancsok Gy\u0151z\u0151<\/td>\n<td width=\"166\"><\/td>\n<\/tr>\n<tr>\n<td width=\"160\">Iskolai Simonyi Zsigmond helyes\u00edr\u00e1si verseny<\/td>\n<td width=\"146\">2022.11.01<\/td>\n<td width=\"181\">Keresztesn\u00e9 Farkas Erzs\u00e9bet<\/td>\n<td width=\"166\"><\/td>\n<\/tr>\n<tr>\n<td width=\"160\">Lotz J\u00e1nos sz\u00f6veg\u00e9rt\u00e9si \u00e9s helyes\u00edr\u00e1si verseny iskolai d\u00f6nt\u0151je<\/td>\n<td width=\"146\">2022.11.01<\/td>\n<td width=\"181\">Keresztesn\u00e9 Farkas Erzs\u00e9bet<\/td>\n<td width=\"166\"><\/td>\n<\/tr>\n<tr>\n<td width=\"160\">Korcsoly\u00e1z\u00e1s megszervez\u00e9se<\/td>\n<td width=\"146\">2022.11.01<\/td>\n<td width=\"181\">Munkak\u00f6z\u00f6ss\u00e9g vezet\u0151<\/td>\n<td width=\"166\"><\/td>\n<\/tr>\n<tr>\n<td width=\"160\">Teremlabdar\u00fag\u00e1s\u00a0 h\u00e1zi\u00a0 3.4 kcs r\u00e9sz\u00e9re<\/td>\n<td width=\"146\">2022.11.01<\/td>\n<td width=\"181\">Sz\u00f6ll\u0151si Ferenc<\/td>\n<td width=\"166\"><\/td>\n<\/tr>\n<tr>\n<td width=\"160\">M\u00e1rton nap<\/td>\n<td width=\"146\">2022.11.11<\/td>\n<td width=\"181\"><\/td>\n<td width=\"166\"><\/td>\n<\/tr>\n<tr>\n<td width=\"160\">Megeml\u00e9kez\u00e9s iskol\u00e1nk n\u00e9vad\u00f3j\u00e1r\u00f3l a D\u00d6K-kel<\/td>\n<td width=\"146\">2022.11.18<\/td>\n<td width=\"181\"><\/td>\n<td width=\"166\"><\/td>\n<\/tr>\n<tr>\n<td width=\"160\">Klauz\u00e1l G\u00e1borra eml\u00e9kez\u00fcnk: r\u00e1di\u00f3s eml\u00e9km\u0171sor + koszor\u00faz\u00e1s .<\/td>\n<td width=\"146\">2022.11.18<\/td>\n<td width=\"181\"><\/td>\n<td width=\"166\"><\/td>\n<\/tr>\n<tr>\n<td width=\"160\">N\u00e9dal\u00e9nekl\u00e9si verseny<\/td>\n<td width=\"146\">2022.12.01<\/td>\n<td width=\"181\">Nagy Zsuzsanna<\/td>\n<td width=\"166\"><\/td>\n<\/tr>\n<tr>\n<td width=\"160\">Kazinczy sz\u00e9pkiejt\u00e9si verseny<\/td>\n<td width=\"146\">2022.12.01<\/td>\n<td width=\"181\">F\u00e1ri Andrea<\/td>\n<td width=\"166\"><\/td>\n<\/tr>\n<tr>\n<td width=\"160\">Pet\u0151fi illusztr\u00e1ci\u00f3s p\u00e1ly\u00e1zat<\/td>\n<td width=\"146\">2022.12.01<\/td>\n<td width=\"181\">Sprok J\u00e1nos<\/td>\n<td width=\"166\"><\/td>\n<\/tr>\n<tr>\n<td width=\"160\">Kar\u00e1csonyi v\u00e1s\u00e1r<\/td>\n<td width=\"146\">2022.12.01<\/td>\n<td width=\"181\"><\/td>\n<td width=\"166\"><\/td>\n<\/tr>\n<tr>\n<td width=\"160\">J\u00e1t\u00e9kos sportverseny a Mikul\u00e1s jegy\u00e9ben als\u00f3 \u00e9s fels\u0151 tagozat r\u00e9sz\u00e9re- Als\u00f3 tagozatos tan\u00edt\u00f3k<\/td>\n<td width=\"146\">2022.12.01<\/td>\n<td width=\"181\">testnevel\u0151k<\/td>\n<td width=\"166\"><\/td>\n<\/tr>\n<tr>\n<td width=\"160\">V\u00e1rosi teremlabdar\u00fag\u00e1s<\/td>\n<td width=\"146\">2022.12.01<\/td>\n<td width=\"181\">Sz\u00f6ll\u0151si Ferenc<\/td>\n<td width=\"166\"><\/td>\n<\/tr>\n<tr>\n<td width=\"160\">Adventi v\u00e1s\u00e1r megrendez\u00e9se<\/td>\n<td width=\"146\">2022.12.01<\/td>\n<td width=\"181\"><\/td>\n<td width=\"166\"><\/td>\n<\/tr>\n<tr>\n<td width=\"160\">Kar\u00e1csonyi \u00fcnneps\u00e9g (oszt\u00e1lyszinten megrendezhet\u0151, amennyiben a j\u00e1rv\u00e1nyhelyzet engedi).<\/td>\n<td width=\"146\">2022.12.01<\/td>\n<td width=\"181\"><\/td>\n<td width=\"166\"><\/td>\n<\/tr>\n<tr>\n<td width=\"160\">T\u00e1rsadalomtudom\u00e1nyi h\u00e9t<\/td>\n<td width=\"146\">2022.12.05<\/td>\n<td width=\"181\"><\/td>\n<td width=\"166\"><\/td>\n<\/tr>\n<tr>\n<td width=\"160\">Kincskeres\u0151 4. oszt\u00e1ly angol<\/td>\n<td width=\"146\">2022.12.05<\/td>\n<td width=\"181\">F\u00e1brikn\u00e9 Gy\u0151ri Edit Kerekesn\u00e9 T\u00f6r\u00f6k M\u00e1ria<\/td>\n<td width=\"166\"><\/td>\n<\/tr>\n<tr>\n<td width=\"160\">T\u00e1rsadalomtudom\u00e1nyi h\u00e9t<\/td>\n<td width=\"146\">2022.12.06<\/td>\n<td width=\"181\"><\/td>\n<td width=\"166\"><\/td>\n<\/tr>\n<tr>\n<td width=\"160\">Filmklub 5-6. \u00e9vfolyam<\/td>\n<td width=\"146\">2022.12.06<\/td>\n<td width=\"181\">F\u00e1brikn\u00e9 Gy\u0151ri Edit, Kerekesn\u00e9 T\u00f6r\u00f6k M\u00e1ria<\/td>\n<td width=\"166\"><\/td>\n<\/tr>\n<tr>\n<td width=\"160\">Mikul\u00e1s (a HMG dr\u00e1mai tagozatos di\u00e1kok m\u0171sor\u00e1val)<\/td>\n<td width=\"146\">2022.12.06<\/td>\n<td width=\"181\"><\/td>\n<td width=\"166\"><\/td>\n<\/tr>\n<tr>\n<td width=\"160\">T\u00e1rsadalomtudom\u00e1nyi h\u00e9t<\/td>\n<td width=\"146\">2022.12.07<\/td>\n<td width=\"181\"><\/td>\n<td width=\"166\"><\/td>\n<\/tr>\n<tr>\n<td width=\"160\">\u00d6t\u00f3rai tea f\u00e9l h\u00e1romkor (angol)<\/td>\n<td width=\"146\">2022.12.07<\/td>\n<td width=\"181\">F\u00e1brikn\u00e9 Gy\u0151ri Edit, Kerekesn\u00e9 T\u00f6r\u00f6k M\u00e1ria<\/td>\n<td width=\"166\"><\/td>\n<\/tr>\n<tr>\n<td width=\"160\">T\u00e1rsadalomtudom\u00e1nyi h\u00e9t<\/td>\n<td width=\"146\">2022.12.08<\/td>\n<td width=\"181\"><\/td>\n<td width=\"166\"><\/td>\n<\/tr>\n<tr>\n<td width=\"160\">T\u00e1rsadalomtudom\u00e1nyi h\u00e9t<\/td>\n<td width=\"146\">2022.12.09<\/td>\n<td width=\"181\"><\/td>\n<td width=\"166\"><\/td>\n<\/tr>\n<tr>\n<td width=\"160\">Filmklub 7-8. \u00e9vfolyam<\/td>\n<td>2022.12.10<\/td>\n<td width=\"181\">F\u00e1brikn\u00e9 Gy\u0151ri Edit, Kerekesn\u00e9 T\u00f6r\u00f6k M\u00e1ria<\/td>\n<td width=\"166\"><\/td>\n<\/tr>\n<tr>\n<td width=\"160\">A magyar kult\u00fara napj\u00e1nak meg\u00fcnnepl\u00e9se<\/td>\n<td width=\"146\">2023.01.01<\/td>\n<td width=\"181\">magyartan\u00e1rok oszt\u00e1lykeretben<\/td>\n<td width=\"166\"><\/td>\n<\/tr>\n<tr>\n<td width=\"160\">Lotz J\u00e1nos sz\u00f6veg\u00e9rt\u00e9si \u00e9s helyes\u00edr\u00e1si verseny megyei d\u00f6nt\u0151je<\/td>\n<td width=\"146\">2023.01.01<\/td>\n<td width=\"181\">magyartan\u00e1rok<\/td>\n<td width=\"166\"><\/td>\n<\/tr>\n<tr>\n<td width=\"160\">\u00c9vfolyamok k\u00f6z\u00f6tti\u00a0 labdar\u00fag\u00f3 bajnoks\u00e1g 5.6.\u00e9vf<\/td>\n<td width=\"146\">2023.01.01<\/td>\n<td width=\"181\"><\/td>\n<td width=\"166\"><\/td>\n<\/tr>\n<tr>\n<td>F\u00e9l\u00e9vi munka \u00e9rt\u00e9kel\u00e9s<\/td>\n<td>2023.01.20<\/td>\n<td width=\"181\"><\/td>\n<td width=\"166\"><\/td>\n<\/tr>\n<tr>\n<td width=\"160\">Ter\u00fcleti Kazinczy Sz\u00e9p magyar besz\u00e9d verseny<\/td>\n<td width=\"146\">2023.02.01<\/td>\n<td width=\"181\">magyartan\u00e1rok<\/td>\n<td width=\"166\"><\/td>\n<\/tr>\n<tr>\n<td width=\"160\">\u00c9vfolyamok k\u00f6z\u00f6tti\u00a0 labdar\u00fag\u00f3 bajnoks\u00e1g 7.8. \u00e9vf<\/td>\n<td width=\"146\">2023.02.01<\/td>\n<td width=\"181\">Sz\u00f6ll\u0151si Ferenc<\/td>\n<td width=\"166\"><\/td>\n<\/tr>\n<tr>\n<td width=\"160\">Kos\u00e1rlabda\u00a0 h\u00e1zibajnoks\u00e1g 5.6.\u00e9vf<\/td>\n<td width=\"146\">2023.02.01<\/td>\n<td width=\"181\">Kuruczn\u00e9 Szab\u00f3 Anik\u00f3<\/td>\n<td width=\"166\"><\/td>\n<\/tr>\n<tr>\n<td width=\"160\">Farsang (oszt\u00e1lyszinten megrendezve), z\u00e1r\u00e1sa k\u00f6z\u00f6s.<\/td>\n<td width=\"146\">2023.02.01<\/td>\n<td width=\"181\"><\/td>\n<td width=\"166\"><\/td>\n<\/tr>\n<tr>\n<td width=\"160\">Ter\u00fcleti Pet\u0151fi-szaval\u00f3verseny<\/td>\n<td width=\"146\">2023.02.01<\/td>\n<td width=\"181\"><\/td>\n<td width=\"166\"><\/td>\n<\/tr>\n<tr>\n<td width=\"160\">Simonyi Zsigmond helyes\u00edr\u00e1si verseny megyei d\u00f6nt\u0151je<\/td>\n<td width=\"146\">2023.03.01<\/td>\n<td width=\"181\"><\/td>\n<td width=\"166\"><\/td>\n<\/tr>\n<tr>\n<td width=\"160\">\u00d3vod\u00e1s Olimpia<\/td>\n<td width=\"146\">2023.03.01<\/td>\n<td width=\"181\">Kuruczn\u00e9 Szab\u00f3 Anik\u00f3, Sz\u00f6ll\u0151si Ferenc, als\u00f3 tagozaton tan\u00edt\u00f3k<\/td>\n<td width=\"166\"><\/td>\n<\/tr>\n<tr>\n<td width=\"160\">Mezei fut\u00e1s<\/td>\n<td width=\"146\">2023.03.01<\/td>\n<td width=\"181\">Kuruczn\u00e9 Szab\u00f3 Anik\u00f3, Sz\u00f6ll\u0151si Ferenc, als\u00f3 tagozaton tan\u00edt\u00f3k<\/td>\n<td width=\"166\"><\/td>\n<\/tr>\n<tr>\n<td width=\"160\">Megyei Pet\u0151fi-szaval\u00f3verseny<\/td>\n<td width=\"146\">2023.03.01<\/td>\n<td width=\"181\"><\/td>\n<td width=\"166\"><\/td>\n<\/tr>\n<tr>\n<td width=\"160\">iskolai, m\u00fazeumi \u00e9s helyt\u00f6rt\u00e9neti program<\/td>\n<td width=\"146\">2023.03.15<\/td>\n<td width=\"181\">Nagy Zsuzsanna<\/td>\n<td width=\"166\"><\/td>\n<\/tr>\n<tr>\n<td width=\"160\">R\u00e1di\u00f3s \u00e9s oszt\u00e1lyszint\u0171 megeml\u00e9kez\u00e9s.<\/td>\n<td width=\"146\">2023.03.15<\/td>\n<td width=\"181\"><\/td>\n<td width=\"166\"><\/td>\n<\/tr>\n<tr>\n<td width=\"160\">iskolai\u00a0 Pet\u0151fi-szaval\u00f3verseny<\/td>\n<td width=\"146\">2023.03.22<\/td>\n<td width=\"181\">Keresztesn\u00e9 Farkas Erzs\u00e9bet<\/td>\n<td width=\"166\"><\/td>\n<\/tr>\n<tr>\n<td width=\"160\">Labdar\u00fag\u00f3 Di\u00e1kolimpia 2. kcs-3. kcs<\/td>\n<td width=\"146\">2023.04.01<\/td>\n<td width=\"181\">Sz\u00f6ll\u0151si Ferenc<\/td>\n<td width=\"166\"><\/td>\n<\/tr>\n<tr>\n<td>Tank\u00f6nyvrendel\u00e9s<\/td>\n<td width=\"146\">2023.04.01<\/td>\n<td width=\"181\">F\u00e1brikn\u00e9 Gy\u0151ri Edit, Kerekesn\u00e9 T\u00f6r\u00f6k M\u00e1ria<\/td>\n<td width=\"166\"><\/td>\n<\/tr>\n<tr>\n<td width=\"160\">M\u0171szakiak Napja, amennyiben a j\u00e1rv\u00e1nyhelyzet engedi.<\/td>\n<td width=\"146\">2023.04.01<\/td>\n<td width=\"181\"><\/td>\n<td width=\"166\"><\/td>\n<\/tr>\n<tr>\n<td width=\"160\">Ter\u00fcleti matematika verseny 4. \u00e9vfolyam<\/td>\n<td width=\"146\">2023.04.01<\/td>\n<td width=\"181\"><\/td>\n<td width=\"166\"><\/td>\n<\/tr>\n<tr>\n<td width=\"160\">K\u00f6z\u00f6s versmond\u00e1s a k\u00f6lt\u00e9szet napja tisztelet\u00e9re oszt\u00e1lykeretben<\/td>\n<td width=\"146\">2023.04.11<\/td>\n<td width=\"181\"><\/td>\n<td width=\"166\"><\/td>\n<\/tr>\n<tr>\n<td width=\"160\">ter\u00fcleti Pet\u0151fi-szaval\u00f3verseny<\/td>\n<td width=\"146\">2023.04.13<\/td>\n<td width=\"181\">F\u00e1ri Andrea, Nagy Zsuzsanna, Keresztesn\u00e9 Farkas Erzs\u00e9bet<\/td>\n<td width=\"166\"><\/td>\n<\/tr>\n<tr>\n<td width=\"160\">megyei Pet\u0151fi-szaval\u00f3verseny<\/td>\n<td width=\"146\">2023.04.27<\/td>\n<td width=\"181\">F\u00e1ri Andrea, Nagy Zsuzsanna, Keresztesn\u00e9 Farkas Erzs\u00e9bet<\/td>\n<td width=\"166\"><\/td>\n<\/tr>\n<tr>\n<td width=\"160\">Orsz\u00e1gos kompetenciam\u00e9r\u00e9s<\/td>\n<td width=\"146\">2023.05.01<\/td>\n<td width=\"181\"><\/td>\n<td width=\"166\"><\/td>\n<\/tr>\n<tr>\n<td width=\"160\">Iskolai atl\u00e9tikai\u00a0 verseny<\/td>\n<td width=\"146\">2023.05.01<\/td>\n<td width=\"181\">3-4. oszt\u00e1lyos tan\u00edt\u00f3k, Kuruczn\u00e9 Szab\u00f3 Anik\u00f3, Sz\u00f6ll\u0151si Ferenc<\/td>\n<td width=\"166\"><\/td>\n<\/tr>\n<tr>\n<td width=\"160\">V\u00e1rosi t\u00f6bbpr\u00f3ba egy\u00e9ni \u00e9s csapatbajnoks\u00e1g<\/td>\n<td width=\"146\">2023.05.01<\/td>\n<td width=\"181\">2. - 4. kcs .\u00a0\u00a0 als\u00f3 tagozat: B\u00e1lint \u00c1gnes, Gil\u00e1n\u00e9 Oroszi Edit, fels\u0151 tagozat: Kuruczn\u00e9 Szab\u00f3 Anik\u00f3, Sz\u00f6ll\u0151si Ferenc<\/td>\n<td width=\"166\"><\/td>\n<\/tr>\n<tr>\n<td width=\"160\">A Fitts\u00e9gi felm\u00e9r\u00e9s r\u00f6gz\u00edt\u00e9se<\/td>\n<td width=\"146\">2023.05.01<\/td>\n<td width=\"181\">- testnevel\u0151k,\u00a0 mk. vez.\/NETFIT adminisztr\u00e1tor- mk. vez<\/td>\n<td width=\"166\"><\/td>\n<\/tr>\n<tr>\n<td width=\"160\">Iskolai Sport Nap \/ Challange Day\/<\/td>\n<td width=\"146\">2023.05.01<\/td>\n<td width=\"181\">Kuruczn\u00e9 Szab\u00f3 Anik\u00f3, Sz\u00f6ll\u0151si Ferenc<\/td>\n<td width=\"166\"><\/td>\n<\/tr>\n<tr>\n<td width=\"160\">Any\u00e1k napja (oszt\u00e1ly szinten megrendezhet\u0151, amennyiben a j\u00e1rv\u00e1nyhelyzet engedi).<\/td>\n<td width=\"146\">2023.05.01<\/td>\n<td width=\"181\"><\/td>\n<td width=\"166\"><\/td>\n<\/tr>\n<tr>\n<td width=\"160\">Szilver TSE vizsga, amennyiben a j\u00e1rv\u00e1nyhelyzet engedi.<\/td>\n<td width=\"146\">2023.05.01<\/td>\n<td width=\"181\"><\/td>\n<td width=\"166\"><\/td>\n<\/tr>\n<tr>\n<td width=\"160\">Csal\u00e1di nap, amennyiben a j\u00e1rv\u00e1nyhelyzet engedi.<\/td>\n<td width=\"146\">2023.05.01<\/td>\n<td width=\"181\"><\/td>\n<td width=\"166\"><\/td>\n<\/tr>\n<tr>\n<td width=\"160\">M\u00fazeumi vil\u00e1gnap<\/td>\n<td width=\"146\">2023.05.18<\/td>\n<td width=\"181\"><\/td>\n<td width=\"166\"><\/td>\n<\/tr>\n<tr>\n<td width=\"160\">Tan\u00e9vz\u00e1r\u00f3, amennyiben a j\u00e1rv\u00e1nyhelyzet engedi ( 3. oszt\u00e1ly m\u0171sora).<\/td>\n<td width=\"146\">2023.06.01<\/td>\n<td width=\"181\"><\/td>\n<td width=\"166\"><\/td>\n<\/tr>\n<tr>\n<td width=\"160\">D\u00d6K-nap, amennyiben a j\u00e1rv\u00e1nyhelyzet engedi.<\/td>\n<td width=\"146\">2023.06.01<\/td>\n<td width=\"181\"><\/td>\n<td width=\"166\"><\/td>\n<\/tr>\n<tr>\n<td width=\"160\">Apr\u00f3ka Kupa 1-2. oszt\u00e1ly \u00e9s 3-4. oszt\u00e1ly r\u00e9sz\u00e9re, oszt\u00e1lyonk\u00e9nt k\u00e9t csapattal.<\/td>\n<td width=\"146\">2023.06.01<\/td>\n<td width=\"181\"><\/td>\n<td width=\"166\"><\/td>\n<\/tr>\n<tr>\n<td width=\"160\">tan\u00e9vben v\u00e9gzett munka \u00e9rt\u00e9kel\u00e9se<\/td>\n<td width=\"146\">2023.06.01<\/td>\n<td width=\"181\"><\/td>\n<td width=\"166\"><\/td>\n<\/tr>\n<tr>\n<td width=\"160\">A nemzeti \u00f6sszetartoz\u00e1s napja \u2013 Iskolar\u00e1di\u00f3s megeml\u00e9kez\u00e9s<\/td>\n<td width=\"146\">2023.06.02<\/td>\n<td width=\"181\">Sprok J\u00e1nos<\/td>\n<td width=\"166\"><\/td>\n<\/tr>\n<tr>\n<td width=\"160\">Nemzeti \u00d6sszetartoz\u00e1s Napja iskolar\u00e1di\u00f3n kereszt\u00fcli m\u0171sor meghallgat\u00e1sa.<\/td>\n<td width=\"146\">2023.06.04<\/td>\n<td width=\"181\"><\/td>\n<td width=\"166\"><\/td>\n<\/tr>\n<tr>\n<td width=\"160\">Orsz\u00e1gos bemeneti m\u00e9r\u00e9sek, 4., 5., 6., \u00e9s 8. \u00e9vfolyamokon: matematika, 6. \u00e9s 8. \u00e9vfolyamokon term\u00e9szettudom\u00e1ny ter\u00fclet\u00e9n<\/td>\n<td width=\"146\">2022. 10. 10 \u2013 2022. 11. 30.<\/td>\n<td width=\"181\">szaktan\u00e1rok, fel\u00fcgyel\u0151 tan\u00e1rok<\/td>\n<td width=\"166\"><\/td>\n<\/tr>\n<tr>\n<td width=\"160\">Munkak\u00f6z\u00f6ss\u00e9gi foglalkoz\u00e1s:\ntan\u00e9v feladatainak megbesz\u00e9l\u00e9se, feladatok v\u00e1llal\u00e1sa<\/td>\n<td width=\"146\">2022. aug. 25.<\/td>\n<td width=\"181\">Kerekesn\u00e9 T\u00f6r\u00f6k M\u00e1ria<\/td>\n<td width=\"166\"><\/td>\n<\/tr>\n<tr>\n<td width=\"160\">6., 7. \u00e9s 8. \u00e9vfolyamokon digit\u00e1lis kompetencia m\u00e9r\u00e9s angol, n\u00e9met<\/td>\n<td width=\"146\">2023.<\/td>\n<td width=\"181\">F\u00e1brikn\u00e9 Gy\u0151ri Edit, Kerekesn\u00e9 T\u00f6r\u00f6k M\u00e1ria<\/td>\n<td width=\"166\"><\/td>\n<\/tr>\n<tr>\n<td width=\"160\">TERM\u00c9SZETTUDOM\u00c1NYI H\u00c9T\nT\u00e9ma: \u00c1sv\u00e1nyok\u00a0\u00a0 (amennyiben a j\u00e1rv\u00e1ny\u00fcgyi helyzet lehet\u0151v\u00e9 teszi)\nA program k\u00e9s\u0151bbi megbesz\u00e9l\u00e9s t\u00e1rgy\u00e1t k\u00e9pezi<\/td>\n<td width=\"146\">2023. 03. 20 \u2013 24.<\/td>\n<td width=\"181\"><\/td>\n<td width=\"166\"><\/td>\n<\/tr>\n<tr>\n<td width=\"160\">Fenntarthat\u00f3s\u00e1g hete, amennyiben a j\u00e1rv\u00e1nyhelyzet engedi.<\/td>\n<td width=\"146\">2023. 04. 24-28.<\/td>\n<td width=\"181\"><\/td>\n<td width=\"166\"><\/td>\n<\/tr>\n<tr>\n<td width=\"160\">Orsz\u00e1gos kimeneti m\u00e9r\u00e9sek\n4., 5., 6., 7. \u00e9s 8. \u00e9vfolyamokon: matematika\n6., 7. \u00e9s 8. \u00e9vfolyamokon: term\u00e9szettudom\u00e1ny ter\u00fclet\u00e9n<\/td>\n<td width=\"146\">2023.03.06. \u2013 j\u00fanius 9.<\/td>\n<td width=\"181\"><\/td>\n<td width=\"166\"><\/td>\n<\/tr>\n<tr>\n<td width=\"160\">Fenntarthat\u00f3s\u00e1gi t\u00e9mah\u00e9t<\/td>\n<td width=\"146\">2023.04.24 \u2013 28.<\/td>\n<td width=\"181\"><\/td>\n<td width=\"166\"><\/td>\n<\/tr>\n<tr>\n<td width=\"160\">Tanmenetek felt\u00f6lt\u00e9se a Kr\u00e9ta-rendszerbe<\/td>\n<td width=\"146\"><\/td>\n<td width=\"181\">minden szaktan\u00e1r<\/td>\n<td width=\"166\"><\/td>\n<\/tr>\n<\/tbody>\n<\/table>","_et_gb_content_width":"","footnotes":""},"class_list":["post-57","page","type-page","status-publish","hentry"],"_links":{"self":[{"href":"https:\/\/szentes-klauzalgabor.hu\/iskola\/wp-json\/wp\/v2\/pages\/57","targetHints":{"allow":["GET"]}}],"collection":[{"href":"https:\/\/szentes-klauzalgabor.hu\/iskola\/wp-json\/wp\/v2\/pages"}],"about":[{"href":"https:\/\/szentes-klauzalgabor.hu\/iskola\/wp-json\/wp\/v2\/types\/page"}],"author":[{"embeddable":true,"href":"https:\/\/szentes-klauzalgabor.hu\/iskola\/wp-json\/wp\/v2\/users\/1"}],"replies":[{"embeddable":true,"href":"https:\/\/szentes-klauzalgabor.hu\/iskola\/wp-json\/wp\/v2\/comments?post=57"}],"version-history":[{"count":26,"href":"https:\/\/szentes-klauzalgabor.hu\/iskola\/wp-json\/wp\/v2\/pages\/57\/revisions"}],"predecessor-version":[{"id":27105,"href":"https:\/\/szentes-klauzalgabor.hu\/iskola\/wp-json\/wp\/v2\/pages\/57\/revisions\/27105"}],"up":[{"embeddable":true,"href":"https:\/\/szentes-klauzalgabor.hu\/iskola\/wp-json\/wp\/v2\/pages\/55"}],"wp:attachment":[{"href":"https:\/\/szentes-klauzalgabor.hu\/iskola\/wp-json\/wp\/v2\/media?parent=57"}],"curies":[{"name":"wp","href":"https:\/\/api.w.org\/{rel}","templated":true}]}}