{"id":77,"date":"2011-03-23T12:27:53","date_gmt":"2011-03-23T12:27:53","guid":{"rendered":"https:\/\/szentes-klauzalgabor.hu\/iskola\/?page_id=77"},"modified":"2025-05-14T10:02:24","modified_gmt":"2025-05-14T09:02:24","slug":"nevadonk","status":"publish","type":"page","link":"https:\/\/szentes-klauzalgabor.hu\/iskola\/iskolank\/nevadonk","title":{"rendered":"N\u00e9vad\u00f3nk"},"content":{"rendered":"<p>[et_pb_section fb_built=&#8221;1&#8243; admin_label=&#8221;section&#8221; _builder_version=&#8221;4.27.4&#8243; custom_padding=&#8221;4px|||||&#8221; hover_enabled=&#8221;0&#8243; global_colors_info=&#8221;{}&#8221; background_color=&#8221;#fff6d3&#8243; sticky_enabled=&#8221;0&#8243;][et_pb_row _builder_version=&#8221;4.27.4&#8243; _module_preset=&#8221;default&#8221; global_colors_info=&#8221;{}&#8221;][et_pb_column type=&#8221;4_4&#8243; _builder_version=&#8221;4.27.4&#8243; _module_preset=&#8221;default&#8221; global_colors_info=&#8221;{}&#8221;][et_pb_text _builder_version=&#8221;4.27.4&#8243; _module_preset=&#8221;default&#8221; global_colors_info=&#8221;{}&#8221;]<\/p>\n<h1 style=\"text-align: center;\">N\u00e9vad\u00f3nk<\/h1>\n<p>[\/et_pb_text][\/et_pb_column][\/et_pb_row][et_pb_row admin_label=&#8221;row&#8221; _builder_version=&#8221;4.16&#8243; background_size=&#8221;initial&#8221; background_position=&#8221;top_left&#8221; background_repeat=&#8221;repeat&#8221; global_colors_info=&#8221;{}&#8221;][et_pb_column type=&#8221;4_4&#8243; _builder_version=&#8221;4.16&#8243; custom_padding=&#8221;|||&#8221; global_colors_info=&#8221;{}&#8221; custom_padding__hover=&#8221;|||&#8221;][et_pb_text admin_label=&#8221;Text&#8221; _builder_version=&#8221;4.27.4&#8243; background_size=&#8221;initial&#8221; background_position=&#8221;top_left&#8221; background_repeat=&#8221;repeat&#8221; global_colors_info=&#8221;{}&#8221;]<\/p>\n<h3 style=\"text-align: center;\"><strong><span style=\"font-size: large;\">Klauz\u00e1l G\u00e1bor<\/span><\/strong><\/h3>\n<p style=\"text-align: center;\">(Pest, 1804. november 18. \u2013 Kalocsa, 1866. augusztus 3.)<\/p>\n<p style=\"text-align: center;\"><a href=\"https:\/\/szentes-klauzalgabor.hu\/iskola\/wp-content\/uploads\/2011\/03\/KlauzalGabor.jpg\"><img loading=\"lazy\" decoding=\"async\" class=\"alignnone size-medium wp-image-1579\" title=\"KlauzalGabor\" src=\"https:\/\/szentes-klauzalgabor.hu\/iskola\/wp-content\/uploads\/2011\/03\/KlauzalGabor-258x300.jpg\" alt=\"\" width=\"258\" height=\"300\" srcset=\"https:\/\/szentes-klauzalgabor.hu\/iskola\/wp-content\/uploads\/2011\/03\/KlauzalGabor-258x300.jpg 258w, https:\/\/szentes-klauzalgabor.hu\/iskola\/wp-content\/uploads\/2011\/03\/KlauzalGabor.jpg 334w\" sizes=\"(max-width: 258px) 100vw, 258px\" \/><\/a><\/p>\n<p style=\"text-align: center;\"><strong>Politikus, \u00fcgyv\u00e9d, miniszter, kist\u00e9t\u00e9nyi birtokos.<\/strong><\/p>\n<p>&nbsp;<\/p>\n<p style=\"text-align: justify;\">Az egykori K\u00e1roly kasz\u00e1rnya Gr\u00e1n\u00e1tos utcai oldal\u00e1n (ma a F\u0151polg\u00e1rmesteri Hivatal) sz\u00fcletett. A m\u00e1sodik emelet egyik szob\u00e1j\u00e1ban sz\u00e9p v\u00f6r\u00f6sm\u00e1rv\u00e1ny eml\u00e9kt\u00e1bla \u00e1ll sz\u00fclet\u00e9se eml\u00e9khely\u00e9n, melyet 1906-ban \u00e1ll\u00edtott a sz\u00e9kesf\u0151v\u00e1ros k\u00f6z\u00f6ns\u00e9ge.<\/p>\n<p style=\"text-align: justify;\">1832\u201336-ban, 1839\u201340-ben \u00e9s 1843\u201344-ben az orsz\u00e1ggy\u0171l\u00e9s Csongr\u00e1d v\u00e1rmegyei k\u00f6vetek\u00e9nt a reformellenz\u00e9k tagja, De\u00e1k Ferenc h\u00edve. 1848. \u00e1prilis 7-t\u0151l szeptember 10-ig a Batthy\u00e1ny-korm\u00e1ny f\u00f6ldm\u0171vel\u00e9s-, ipar- \u00e9s kereskedelem\u00fcgyi minisztere, a m\u00e9rs\u00e9kl\u0151, egyezked\u0151 politika h\u00edve. A szeptemberi v\u00e1ls\u00e1g idej\u00e9n lemondott, visszavonult. Az 1861-i \u00e9s 1865-i orsz\u00e1ggy\u0171l\u00e9sen Szeged k\u00e9pvisel\u0151je a De\u00e1k vezette Felirati P\u00e1rt programj\u00e1val. Szerepe van a kiegyez\u00e9s el\u0151k\u00e9sz\u00edt\u00e9s\u00e9ben.<\/p>\n<p style=\"text-align: justify;\">Els\u0151 feles\u00e9ge, Prezetska M\u00e1ria Ant\u00f3nia \u00f6zvegy volt, amikor f\u00e9rjhez ment Klauz\u00e1l G\u00e1borhoz. H\u00fasz\u00e9vi h\u00e1zass\u00e1g ut\u00e1n \u2013 amib\u0151l gyermek nem sz\u00e1rmazott \u2013 1848-ban t\u00fcd\u0151gyullad\u00e1sban elhunyt. Klauz\u00e1lt ez annyira megviselte, hogy agyv\u00e9rz\u00e9s \u00e9rte.<\/p>\n<p style=\"text-align: justify;\">Az 1848-as szeptemberi v\u00e1ls\u00e1g idej\u00e9n \u2013 amikor a b\u00e9csi udvarral ki\u00e9lez\u0151d\u00f6tt ellent\u00e9t a szabads\u00e1gharc kit\u00f6r\u00e9s\u00e9vel fenyegetett \u2013 lemondott. A muszka inv\u00e1zi\u00f3 miatt r\u00e9mk\u00e9pek gy\u00f6t\u00f6rt\u00e9k, a vil\u00e1gosi fegyverlet\u00e9tel igazolta v\u00edzi\u00f3j\u00e1t. Az osztr\u00e1k rend\u0151rs\u00e9g az \u00daj\u00e9p\u00fcletbe z\u00e1rta \u00e9s hadit\u00f6rv\u00e9nysz\u00e9k el\u00e9 \u00e1ll\u00edtott\u00e1k. Iratait \u00e9s leveleit elkobozt\u00e1k \u00e9s megsemmis\u00edtett\u00e9k. Rend\u0151ri megfigyel\u00e9s al\u00e1 helyezt\u00e9k. Az 1850-es \u00e9vekben sz\u0151l\u0151birtokot v\u00e1s\u00e1rolt Kist\u00e9t\u00e9nyben \u00e9s visszavonult kist\u00e9t\u00e9nyi birtok\u00e1ra.<\/p>\n<p style=\"text-align: justify;\">1853. \u00e1prilis 27-\u00e9n feles\u00e9g\u00fcl vette az aradi v\u00e9rtan\u00fa, Nagys\u00e1ndor J\u00f3zsef (1804(?)\u20131849) t\u00e1bornok jegyes\u00e9t, Schmidt Emm\u00e1t. H\u00e1zass\u00e1gukb\u00f3l Emma (*1855), G\u00e1bor (*1857) \u00e9s M\u00e1ria (*1859) nev\u0171 gyermekeik sz\u00e1rmaztak. Mindh\u00e1rmuknak De\u00e1k Ferenc volt a keresztapjuk. Ez a komas\u00e1g Klauz\u00e1l G\u00e1bor \u00e9s De\u00e1k Ferenc eszmei rokons\u00e1g\u00e1nak \u00e9s bar\u00e1ts\u00e1g\u00e1nak bizonys\u00e1ga. Egyben a kist\u00e9t\u00e9nyi sz\u00e1jhagyom\u00e1ny alapja, miszerint Klauz\u00e1l kist\u00e9t\u00e9nyi h\u00e1z\u00e1ban gyakorta vend\u00e9gesked\u0151 De\u00e1k r\u00e9szben itt fogalmazta meg a Kiegyez\u00e9s sz\u00f6veg\u00e9t.<\/p>\n<p style=\"text-align: justify;\">Klauz\u00e1l G\u00e1bor az \u00f6nk\u00e9nyuralom alatt Kist\u00e9t\u00e9nyben gazd\u00e1lkodott, sz\u0151l\u0151- \u00e9s gy\u00fcm\u00f6lcsnemes\u00edt\u00e9ssel foglalkozott. Az \u00e1ltala alap\u00edtott Kist\u00e9t\u00e9nyi Sz\u0151l\u0151birtokoss\u00e1gi T\u00e1rsulat sokat tett a ter\u00fclet j\u00f6v\u0151j\u00e9\u00e9rt. J\u00f3 borokat termelt. Nyaral\u00f3t \u00e9s pr\u00e9sh\u00e1zat \u00e9p\u00edtett. A Hugonnay gr\u00f3fok \u00e1ltal \u00e9p\u00edtett kist\u00e9t\u00e9nyi k\u00e1poln\u00e1t \u201esaj\u00e1t k\u00f6lts\u00e9g\u00e9n hossz\u00fa id\u0151n \u00e1t j\u00f3 karban tartotta\u201d. A k\u00e1poln\u00e1t 1914-ben fel\u00faj\u00edt\u00f3 bizotts\u00e1g tagjai ezt egy mai napig is l\u00e1that\u00f3 eml\u00e9kt\u00e1bl\u00e1val is meg\u00f6r\u00f6k\u00edtett\u00e9k.<\/p>\n<p style=\"text-align: justify;\">Hal\u00e1l\u00e1nak \u00e9v\u00e9ben, 1866-ban is, betegesked\u00e9s\u00e9b\u0151l enyh\u00fcl\u00e9st keresve \u201efel\u00fcd\u00fclt \u00e9s Kis T\u00e9t\u00e9nyre ny\u00e1ri lak\u00e1ba vonult\u201d \u2013 \u00edrja r\u00f3la Trefort \u00c1goston. Ugyanezen \u00e9vben Kalocs\u00e1ra utazik l\u00e1nyai vizsg\u00e1ira, ahol v\u00e1ratlanul meghal. Szegeden temetik el a higgadt, igazs\u00e1gszeret\u0151 \u00e9s igazi demokrata hazafit. Temet\u00e9s\u00e9n legal\u00e1bb 25 000 ember vett r\u00e9szt.<\/p>\n<p style=\"text-align: justify;\">Klauz\u00e1l b\u00e1tor, de kit\u0171n\u0151 politikai tapintat\u00fa ember. \u201eA birtok \u00e9s a hivatal jog\u00e1t a haza minden fi\u00e1ra kiterjesztette\u201d. Kit\u0171n\u0151 elme. Kiegyens\u00falyozott, sz\u00e9ls\u0151s\u00e9gekt\u0151l mentes, halad\u00f3 politikus. A kiegyez\u00e9s megteremt\u00e9s\u00e9ben \u00e9s Magyarorsz\u00e1g sz\u00e1zadfordul\u00f3s felemelked\u00e9s\u00e9ben (amit m\u00e1r nem \u00e9lt meg) jelent\u0151s szerepe van. Kist\u00e9t\u00e9ny (ma Budat\u00e9t\u00e9ny) egyik legnagyobb kisug\u00e1rz\u00e1s\u00fa embere.<\/p>\n<p style=\"text-align: justify;\">\n<p>&nbsp;<\/p>\n<address style=\"text-align: right;\">Forr\u00e1s: <a href=\"http:\/\/www.klauzal.hu\/\" target=\"_blank\" rel=\"noopener\">Klauz\u00e1l G\u00e1bor T\u00e1rsas\u00e1g<\/a><\/address>\n<p>[\/et_pb_text][\/et_pb_column][\/et_pb_row][\/et_pb_section]<\/p>\n","protected":false},"excerpt":{"rendered":"<p>N\u00e9vad\u00f3nkKlauz\u00e1l G\u00e1bor (Pest, 1804. november 18. \u2013 Kalocsa, 1866. augusztus 3.) Politikus, \u00fcgyv\u00e9d, miniszter, kist\u00e9t\u00e9nyi birtokos. &nbsp; Az egykori K\u00e1roly kasz\u00e1rnya Gr\u00e1n\u00e1tos utcai oldal\u00e1n (ma a F\u0151polg\u00e1rmesteri Hivatal) sz\u00fcletett. A m\u00e1sodik emelet egyik szob\u00e1j\u00e1ban sz\u00e9p v\u00f6r\u00f6sm\u00e1rv\u00e1ny eml\u00e9kt\u00e1bla \u00e1ll sz\u00fclet\u00e9se eml\u00e9khely\u00e9n, melyet 1906-ban \u00e1ll\u00edtott a sz\u00e9kesf\u0151v\u00e1ros k\u00f6z\u00f6ns\u00e9ge. 1832\u201336-ban, 1839\u201340-ben \u00e9s 1843\u201344-ben az orsz\u00e1ggy\u0171l\u00e9s Csongr\u00e1d v\u00e1rmegyei k\u00f6vetek\u00e9nt [&hellip;]<\/p>\n","protected":false},"author":1,"featured_media":0,"parent":73,"menu_order":0,"comment_status":"closed","ping_status":"closed","template":"","meta":{"_et_pb_use_builder":"on","_et_pb_old_content":"<p style=\"text-align: center;\"><strong><span style=\"font-size: large;\">Klauz\u00e1l G\u00e1bor<\/span><\/strong><\/p><p style=\"text-align: center;\">(Pest, 1804. november 18. \u2013 Kalocsa, 1866. augusztus 3.)<\/p><p style=\"text-align: center;\"><a href=\"https:\/\/szentes-klauzalgabor.hu\/iskola\/wp-content\/uploads\/2011\/03\/KlauzalGabor.jpg\"><img class=\"alignnone size-medium wp-image-1579\" title=\"KlauzalGabor\" src=\"https:\/\/szentes-klauzalgabor.hu\/iskola\/wp-content\/uploads\/2011\/03\/KlauzalGabor-258x300.jpg\" alt=\"\" width=\"258\" height=\"300\" \/><\/a><\/p><p style=\"text-align: center;\"><strong>Politikus, \u00fcgyv\u00e9d, miniszter, kist\u00e9t\u00e9nyi birtokos.<\/strong><\/p><p>\u00a0<\/p><p>Az egykori K\u00e1roly kasz\u00e1rnya Gr\u00e1n\u00e1tos utcai oldal\u00e1n (ma a F\u0151polg\u00e1rmesteri Hivatal) sz\u00fcletett. A m\u00e1sodik emelet egyik szob\u00e1j\u00e1ban sz\u00e9p v\u00f6r\u00f6sm\u00e1rv\u00e1ny eml\u00e9kt\u00e1bla \u00e1ll sz\u00fclet\u00e9se eml\u00e9khely\u00e9n, melyet 1906-ban \u00e1ll\u00edtott a sz\u00e9kesf\u0151v\u00e1ros k\u00f6z\u00f6ns\u00e9ge.<\/p><p>1832\u201336-ban, 1839\u201340-ben \u00e9s 1843\u201344-ben az orsz\u00e1ggy\u0171l\u00e9s Csongr\u00e1d v\u00e1rmegyei k\u00f6vetek\u00e9nt a reformellenz\u00e9k tagja, De\u00e1k Ferenc h\u00edve. 1848. \u00e1prilis 7-t\u0151l szeptember 10-ig a Batthy\u00e1ny-korm\u00e1ny f\u00f6ldm\u0171vel\u00e9s-, ipar- \u00e9s kereskedelem\u00fcgyi minisztere, a m\u00e9rs\u00e9kl\u0151, egyezked\u0151 politika h\u00edve. A szeptemberi v\u00e1ls\u00e1g idej\u00e9n lemondott, visszavonult. Az 1861-i \u00e9s 1865-i orsz\u00e1ggy\u0171l\u00e9sen Szeged k\u00e9pvisel\u0151je a De\u00e1k vezette Felirati P\u00e1rt programj\u00e1val. Szerepe van a kiegyez\u00e9s el\u0151k\u00e9sz\u00edt\u00e9s\u00e9ben.<\/p><p>Els\u0151 feles\u00e9ge, Prezetska M\u00e1ria Ant\u00f3nia \u00f6zvegy volt, amikor f\u00e9rjhez ment Klauz\u00e1l G\u00e1borhoz. H\u00fasz\u00e9vi h\u00e1zass\u00e1g ut\u00e1n \u2013 amib\u0151l gyermek nem sz\u00e1rmazott \u2013 1848-ban t\u00fcd\u0151gyullad\u00e1sban elhunyt. Klauz\u00e1lt ez annyira megviselte, hogy agyv\u00e9rz\u00e9s \u00e9rte.<\/p><p>Az 1848-as szeptemberi v\u00e1ls\u00e1g idej\u00e9n \u2013 amikor a b\u00e9csi udvarral ki\u00e9lez\u0151d\u00f6tt ellent\u00e9t a szabads\u00e1gharc kit\u00f6r\u00e9s\u00e9vel fenyegetett \u2013 lemondott. A muszka inv\u00e1zi\u00f3 miatt r\u00e9mk\u00e9pek gy\u00f6t\u00f6rt\u00e9k, a vil\u00e1gosi fegyverlet\u00e9tel igazolta v\u00edzi\u00f3j\u00e1t. Az osztr\u00e1k rend\u0151rs\u00e9g az \u00daj\u00e9p\u00fcletbe z\u00e1rta \u00e9s hadit\u00f6rv\u00e9nysz\u00e9k el\u00e9 \u00e1ll\u00edtott\u00e1k. Iratait \u00e9s leveleit elkobozt\u00e1k \u00e9s megsemmis\u00edtett\u00e9k. Rend\u0151ri megfigyel\u00e9s al\u00e1 helyezt\u00e9k. Az 1850-es \u00e9vekben sz\u0151l\u0151birtokot v\u00e1s\u00e1rolt Kist\u00e9t\u00e9nyben \u00e9s visszavonult kist\u00e9t\u00e9nyi birtok\u00e1ra.<\/p><p>1853. \u00e1prilis 27-\u00e9n feles\u00e9g\u00fcl vette az aradi v\u00e9rtan\u00fa, Nagys\u00e1ndor J\u00f3zsef (1804(?)\u20131849) t\u00e1bornok jegyes\u00e9t, Schmidt Emm\u00e1t. H\u00e1zass\u00e1gukb\u00f3l Emma (*1855), G\u00e1bor (*1857) \u00e9s M\u00e1ria (*1859) nev\u0171 gyermekeik sz\u00e1rmaztak. Mindh\u00e1rmuknak De\u00e1k Ferenc volt a keresztapjuk. Ez a komas\u00e1g Klauz\u00e1l G\u00e1bor \u00e9s De\u00e1k Ferenc eszmei rokons\u00e1g\u00e1nak \u00e9s bar\u00e1ts\u00e1g\u00e1nak bizonys\u00e1ga. Egyben a kist\u00e9t\u00e9nyi sz\u00e1jhagyom\u00e1ny alapja, miszerint Klauz\u00e1l kist\u00e9t\u00e9nyi h\u00e1z\u00e1ban gyakorta vend\u00e9gesked\u0151 De\u00e1k r\u00e9szben itt fogalmazta meg a Kiegyez\u00e9s sz\u00f6veg\u00e9t.<\/p><p>Klauz\u00e1l G\u00e1bor az \u00f6nk\u00e9nyuralom alatt Kist\u00e9t\u00e9nyben gazd\u00e1lkodott, sz\u0151l\u0151- \u00e9s gy\u00fcm\u00f6lcsnemes\u00edt\u00e9ssel foglalkozott. Az \u00e1ltala alap\u00edtott Kist\u00e9t\u00e9nyi Sz\u0151l\u0151birtokoss\u00e1gi T\u00e1rsulat sokat tett a ter\u00fclet j\u00f6v\u0151j\u00e9\u00e9rt. J\u00f3 borokat termelt. Nyaral\u00f3t \u00e9s pr\u00e9sh\u00e1zat \u00e9p\u00edtett. A Hugonnay gr\u00f3fok \u00e1ltal \u00e9p\u00edtett kist\u00e9t\u00e9nyi k\u00e1poln\u00e1t \u201esaj\u00e1t k\u00f6lts\u00e9g\u00e9n hossz\u00fa id\u0151n \u00e1t j\u00f3 karban tartotta\u201d. A k\u00e1poln\u00e1t 1914-ben fel\u00faj\u00edt\u00f3 bizotts\u00e1g tagjai ezt egy mai napig is l\u00e1that\u00f3 eml\u00e9kt\u00e1bl\u00e1val is meg\u00f6r\u00f6k\u00edtett\u00e9k.<\/p><p>Hal\u00e1l\u00e1nak \u00e9v\u00e9ben, 1866-ban is, betegesked\u00e9s\u00e9b\u0151l enyh\u00fcl\u00e9st keresve \u201efel\u00fcd\u00fclt \u00e9s Kis T\u00e9t\u00e9nyre ny\u00e1ri lak\u00e1ba vonult\u201d \u2013 \u00edrja r\u00f3la Trefort \u00c1goston. Ugyanezen \u00e9vben Kalocs\u00e1ra utazik l\u00e1nyai vizsg\u00e1ira, ahol v\u00e1ratlanul meghal. Szegeden temetik el a higgadt, igazs\u00e1gszeret\u0151 \u00e9s igazi demokrata hazafit. Temet\u00e9s\u00e9n legal\u00e1bb 25 000 ember vett r\u00e9szt.<\/p><p>Klauz\u00e1l b\u00e1tor, de kit\u0171n\u0151 politikai tapintat\u00fa ember. \u201eA birtok \u00e9s a hivatal jog\u00e1t a haza minden fi\u00e1ra kiterjesztette\u201d. Kit\u0171n\u0151 elme. Kiegyens\u00falyozott, sz\u00e9ls\u0151s\u00e9gekt\u0151l mentes, halad\u00f3 politikus. A kiegyez\u00e9s megteremt\u00e9s\u00e9ben \u00e9s Magyarorsz\u00e1g sz\u00e1zadfordul\u00f3s felemelked\u00e9s\u00e9ben (amit m\u00e1r nem \u00e9lt meg) jelent\u0151s szerepe van. Kist\u00e9t\u00e9ny (ma Budat\u00e9t\u00e9ny) egyik legnagyobb kisug\u00e1rz\u00e1s\u00fa embere.<\/p><address style=\"text-align: right;\">Forr\u00e1s: <a href=\"http:\/\/www.klauzal.hu\/\" target=\"_blank\" rel=\"noopener\">Klauz\u00e1l G\u00e1bor T\u00e1rsas\u00e1g<\/a><\/address>","_et_gb_content_width":"","footnotes":""},"class_list":["post-77","page","type-page","status-publish","hentry"],"_links":{"self":[{"href":"https:\/\/szentes-klauzalgabor.hu\/iskola\/wp-json\/wp\/v2\/pages\/77","targetHints":{"allow":["GET"]}}],"collection":[{"href":"https:\/\/szentes-klauzalgabor.hu\/iskola\/wp-json\/wp\/v2\/pages"}],"about":[{"href":"https:\/\/szentes-klauzalgabor.hu\/iskola\/wp-json\/wp\/v2\/types\/page"}],"author":[{"embeddable":true,"href":"https:\/\/szentes-klauzalgabor.hu\/iskola\/wp-json\/wp\/v2\/users\/1"}],"replies":[{"embeddable":true,"href":"https:\/\/szentes-klauzalgabor.hu\/iskola\/wp-json\/wp\/v2\/comments?post=77"}],"version-history":[{"count":14,"href":"https:\/\/szentes-klauzalgabor.hu\/iskola\/wp-json\/wp\/v2\/pages\/77\/revisions"}],"predecessor-version":[{"id":26801,"href":"https:\/\/szentes-klauzalgabor.hu\/iskola\/wp-json\/wp\/v2\/pages\/77\/revisions\/26801"}],"up":[{"embeddable":true,"href":"https:\/\/szentes-klauzalgabor.hu\/iskola\/wp-json\/wp\/v2\/pages\/73"}],"wp:attachment":[{"href":"https:\/\/szentes-klauzalgabor.hu\/iskola\/wp-json\/wp\/v2\/media?parent=77"}],"curies":[{"name":"wp","href":"https:\/\/api.w.org\/{rel}","templated":true}]}}