{"id":16,"date":"2011-03-31T10:00:24","date_gmt":"2011-03-31T10:00:24","guid":{"rendered":"https:\/\/szentes-klauzalgabor.hu\/konyvtar\/?page_id=16"},"modified":"2011-04-01T07:22:21","modified_gmt":"2011-04-01T07:22:21","slug":"tiop","status":"publish","type":"page","link":"https:\/\/szentes-klauzalgabor.hu\/konyvtar\/palyazatok\/tiop","title":{"rendered":"TIOP-1.2.3."},"content":{"rendered":"<h2>Iskolai e-k\u00f6nyvt\u00e1rak fejleszt\u00e9se<\/h2>\n<p><strong>H\u00e1rom szentesi \u00e1ltal\u00e1nos iskola k\u00f6nyvt\u00e1rainak egy\u00fcttm\u0171k\u00f6d\u00e9s\u00e9vel k\u00f6z\u00f6s szolg\u00e1ltat\u00e1sok kialak\u00edt\u00e1sa<\/strong><\/p>\n<ul>\n<li><a href=\"..\/..\/iskola\/eu-s-projektjeink\/tiop-1-2-3#projektadat\">A projekt adatai<\/a><\/li>\n<li><a href=\"..\/..\/iskola\/eu-s-projektjeink\/tiop-1-2-3#alapvetocelok\">Alapvet\u0151 c\u00e9lok<\/a><\/li>\n<li><a href=\"..\/..\/iskola\/eu-s-projektjeink\/tiop-1-2-3#konzorciumcelja\">A konzorcium c\u00e9lja<\/a><\/li>\n<li><a href=\"..\/..\/iskola\/eu-s-projektjeink\/tiop-1-2-3#projekteredmenye\">A projekt eredm\u00e9nye<\/a><\/li>\n<li><a href=\"..\/..\/iskola\/eu-s-projektjeink\/tiop-1-2-3#projekttevekenysege\">A projekt tev\u00e9kenys\u00e9ge<\/a><\/li>\n<\/ul>\n<p><a name=\"projektadat\"><\/a><br \/>\n<strong>A projekt adatai<\/strong><\/p>\n<table border=\"2\">\n<tbody>\n<tr>\n<td><strong>A p\u00e1ly\u00e1zati ki\u00edr\u00e1s:<\/strong><\/td>\n<td>TIOP 1.2.3-09\/1K\u00f6nyvt\u00e1ri szolg\u00e1ltat\u00e1sok \u00f6sszehangolt infrastrukt\u00fara-fejleszt\u00e9se \u2013 \u201cTud\u00e1sexp\u00f3 Expressz\u201d<\/td>\n<\/tr>\n<tr>\n<td><strong>A program c\u00edme:<\/strong><\/td>\n<td>Iskolai e-k\u00f6nyvt\u00e1rak fejleszt\u00e9seH\u00e1rom szentesi \u00e1ltal\u00e1nos iskola k\u00f6nyvt\u00e1rainak egy\u00fcttm\u0171k\u00f6d\u00e9s\u00e9vel k\u00f6z\u00f6s szolg\u00e1ltat\u00e1sok kialak\u00edt\u00e1sa<\/td>\n<\/tr>\n<tr>\n<td><strong>A projekt azonos\u00edt\u00f3ja:<\/strong><\/td>\n<td>TIOP-1.2.3-09\/1-2010-0026<\/td>\n<\/tr>\n<tr>\n<td><strong>A projekt id\u0151tartama:<\/strong><\/td>\n<td>2010. augusztus 1\u00a0&#8211; 2011.\u00a0okt\u00f3ber 30.<\/td>\n<\/tr>\n<tr>\n<td><strong>A konzorcium tagjai:<\/strong><\/td>\n<td><em>F\u0151p\u00e1ly\u00e1z\u00f3:<br \/>\n<\/em><\/p>\n<ul>\n<li> Kiss B\u00e1lint Reform\u00e1tus \u00c1ltal\u00e1nos Iskola<\/li>\n<\/ul>\n<p><em>Tov\u00e1bbi kedvezm\u00e9nyezettek:<br \/>\n<\/em><\/p>\n<ul>\n<li> De\u00e1k Ferenc \u00c1ltal\u00e1nos Iskola<\/li>\n<li>Klauz\u00e1l G\u00e1bor \u00c1ltal\u00e1nos Iskola<\/li>\n<\/ul>\n<\/td>\n<\/tr>\n<tr>\n<td><strong>A t\u00e1mogat\u00e1s m\u00e9rt\u00e9ke:<\/strong><\/td>\n<td>T\u00e1mogat\u00e1s \u00f6sszege: 7 999 502 FtFeladatell\u00e1t\u00e1si helyenk\u00e9nt:<\/p>\n<ul>\n<li> Kiss B\u00e1lint Reform\u00e1tus \u00c1ltal\u00e1nos Iskola: 3 489 534\u00a0Ft<\/li>\n<li> De\u00e1k Ferenc \u00c1ltal\u00e1nos Iskola: 2 254 984\u00a0Ft<\/li>\n<li> Klauz\u00e1l G\u00e1bor \u00c1ltal\u00e1nos Iskola: 2 254\u00a0984\u00a0Ft<\/li>\n<\/ul>\n<\/td>\n<\/tr>\n<tr>\n<td><strong>A t\u00e1mogat\u00f3 szervezetek:<\/strong><\/td>\n<td><a href=\"http:\/\/www.esf.hu\/\" target=\"_blank\">Eur\u00f3pai Szoci\u00e1lis Alap<\/a>Magyar \u00c1llam<\/td>\n<\/tr>\n<\/tbody>\n<\/table>\n<address><a href=\"http:\/\/nfu.hu\/\" target=\"_blank\"><img loading=\"lazy\" decoding=\"async\" title=\"logo_UMFT_1\" src=\"..\/..\/iskola\/wp-content\/uploads\/2011\/03\/logo_UMFT_1.jpg\" alt=\"\" width=\"207\" height=\"50\" \/><\/a><a href=\"http:\/\/www.esf.hu\/\" target=\"_blank\"> <img loading=\"lazy\" decoding=\"async\" title=\"Logo_ESZA\" src=\"..\/..\/iskola\/wp-content\/uploads\/2011\/03\/Logo_ESZA.jpg\" alt=\"\" width=\"131\" height=\"51\" \/><\/a><br \/>\n<\/address>\n<address><a href=\"..\/..\/iskola\/eu-s-projektjeink\/tiop-1-2-3#fej\">Az oldal tetej\u00e9re<\/a><\/address>\n<p><a rel=\"lightbox[110]\" href=\"..\/..\/iskola\/wp-content\/uploads\/2011\/03\/tabla_TIOP123.jpg\"><img loading=\"lazy\" decoding=\"async\" title=\"tabla_TIOP123\" src=\"..\/..\/iskola\/wp-content\/uploads\/2011\/03\/tabla_TIOP123-1024x723.jpg\" alt=\"\" width=\"413\" height=\"292\" \/><\/a><\/p>\n<address><\/address>\n<p><a name=\"alapvetocelok\"><\/a><\/p>\n<p><strong>Alapvet\u0151 c\u00e9lok<\/strong><\/p>\n<ul>\n<li>Az els\u0151dleges c\u00e9l a konzorciumi k\u00f6nyvt\u00e1rak szolg\u00e1ltat\u00e1si  strukt\u00far\u00e1j\u00e1nak fejleszt\u00e9se, \u00e1talak\u00edt\u00e1sa. A szem\u00e9lyes haszn\u00e1lat mellett a  t\u00e1volr\u00f3l is el\u00e9rhet\u0151 szolg\u00e1ltat\u00e1sok kialak\u00edt\u00e1s\u00e1val a k\u00f6nyvt\u00e1rat  haszn\u00e1l\u00f3k sz\u00e1m\u00e1nak gyarapod\u00e1sa v\u00e1rhat\u00f3.<\/li>\n<li>A fejleszt\u00e9s egyik c\u00e9lja, hogy egyenl\u0151 hozz\u00e1f\u00e9r\u00e9st biztos\u00edtson  minden tanul\u00f3 r\u00e9sz\u00e9re. \u00cdgy a kistelep\u00fcl\u00e9seken \u00e9l\u0151k is el\u00e9rhetik a  kieg\u00e9sz\u00edt\u0151 szolg\u00e1ltat\u00e1sokat, az internet seg\u00edts\u00e9g\u00e9vel a k\u00f6nyvt\u00e1r 24 \u00f3r\u00e1n  kereszt\u00fcl el\u00e9rhet\u0151 lesz, l\u00e9trehoz\u00e1sra ker\u00fcl a k\u00f6z\u00f6s OPAC. Olyan  rendszert k\u00edv\u00e1nunk kialak\u00edtani, amelyhez a k\u00e9s\u0151bbiekben a kist\u00e9rs\u00e9g  t\u00f6bbi k\u00f6nyvt\u00e1ra is kapcsol\u00f3dni tud, illetve az orsz\u00e1gos rendszerhez val\u00f3  kapcsol\u00f3d\u00e1s (Z39.50) is biztos\u00edtott legyen.<\/li>\n<li>Fontos feladat a fiatalok inform\u00e1ci\u00f3hoz jut\u00e1s\u00e1nak, tanul\u00e1si,  tov\u00e1bbk\u00e9pz\u00e9si ter\u00e9nek virtu\u00e1lis \u00e9s fizikai kialak\u00edt\u00e1sa, hogy az oktat\u00e1s  hely\u00e9t\u0151l val\u00f3 t\u00e1vols\u00e1g ne \u00e1llhasson a tanul\u00e1s \u00fatj\u00e1ba, az \u00f6nk\u00e9pz\u00e9s \u00e9s  \u00e9lethosszig tart\u00f3 tanul\u00e1s folyamat\u00e1nak felt\u00e9telei meglegyenek a  konzorciumi k\u00f6nyvt\u00e1rakban.<\/li>\n<li>Az elk\u00f6vetkezend\u0151 5 \u00e9vben a k\u00f6nyvt\u00e1ri szolg\u00e1ltat\u00e1sokat rendszeresen haszn\u00e1l\u00f3k sz\u00e1m\u00e1t 20-25 %-kal szeretn\u00e9nk megn\u00f6velni.<\/li>\n<li>Kiemelt c\u00e9l az int\u00e9zm\u00e9nyi szint\u0171 \u00edr\u00e1sos dokumentumok (k\u00f6nyvek,  \u00fajs\u00e1gcikkek, fot\u00f3k, vide\u00f3-anyagok, jegyz\u0151k\u00f6nyvek, stb.) digitaliz\u00e1l\u00e1sa, s  \u00edgy internet t\u00f6rt\u00e9n\u0151 el\u00e9rhet\u0151s\u00e9g\u00e9nek biztos\u00edt\u00e1sa. Jav\u00edtani kell a  hagyom\u00e1nyos k\u00f6nyvt\u00e1ri szolg\u00e1ltat\u00e1sokat is \u00e9s meg kell teremteni az  online szolg\u00e1ltat\u00e1sok felt\u00e9teleit is.<\/li>\n<li>Fontos c\u00e9l, hogy a digit\u00e1lis \u00edr\u00e1stud\u00e1s elterjeszt\u00e9s\u00e9ben min\u00e9l  hat\u00e9konyabban vegyenek r\u00e9szt a konzorciumi k\u00f6nyvt\u00e1rak, a h\u00e1tr\u00e1nyos \u00e9s  halmozottan h\u00e1tr\u00e1nyos helyzet\u0171 tanul\u00f3k sz\u00e1m\u00e1ra ne csak az iskolai, hanem  a konzorciumi k\u00f6nyvt\u00e1rak is el\u00e9rhet\u0151ek legyenek, illetve vonz\u00f3  szolg\u00e1ltat\u00e1st biztos\u00edtsanak.<\/li>\n<\/ul>\n<address><\/address>\n<p><a name=\"konzorciumcelja\"><\/a><\/p>\n<p><strong>A konzorcium c\u00e9lja<\/strong><\/p>\n<ul>\n<li>A konzorcium c\u00e9lja, hogy az iskolarendszer\u0171 oktat\u00e1st seg\u00edtse,  biztos\u00edtsa az eg\u00e9sz \u00e9leten \u00e1t tart\u00f3 tanul\u00e1shoz, \u00f6nk\u00e9pz\u00e9shez sz\u00fcks\u00e9ges  felt\u00e9teleket.<\/li>\n<li>El\u00e9rhet\u0151, hogy egy korszer\u0171bb informatikai strukt\u00fara alakuljon ki,  biztos\u00edtva az int\u00e9zm\u00e9nyek dokumentumaihoz (k\u00f6nyvek, \u00e1llom\u00e1nyok,  szakirodalom) t\u00f6rt\u00e9n\u0151 gyors hozz\u00e1f\u00e9r\u00e9st. Azon tanul\u00f3k, int\u00e9zm\u00e9nyi  dolgoz\u00f3k, akik m\u00e1s k\u00e9pz\u00e9seken vagy \u00f6nk\u00e9pz\u00e9sen k\u00edv\u00e1nj\u00e1k ismereteiket  b\u0151v\u00edteni, ak\u00e1r otthonr\u00f3l is 24 \u00f3r\u00e1n kereszt\u00fcl hozz\u00e1f\u00e9rhessenek a  sz\u00e1mukra sz\u00fcks\u00e9ges dokumentumokhoz.<\/li>\n<li>C\u00e9l, hogy a fogyat\u00e9kkal \u00e9l\u0151knek min\u00e9l sz\u00e9lesebb k\u00f6r\u0171 szolg\u00e1ltat\u00e1s legyen el\u00e9rhet\u0151.<\/li>\n<li>Jelen p\u00e1ly\u00e1zattal megval\u00f3s\u00edthat\u00f3v\u00e1 v\u00e1lik a k\u00f6z\u00f6s virtu\u00e1lis k\u00f6nyvt\u00e1r,  k\u00f6z\u00f6s katal\u00f3gus \u00e9s elektronikus k\u00f6nyvt\u00e1r kialak\u00edt\u00e1sa. Az  egy\u00fcttm\u0171k\u00f6d\u00e9ssel olyan korszer\u0171 rendszer j\u00f6n l\u00e9tre, amelyet \u00f6n\u00e1ll\u00f3an m\u00e9g  hossz\u00fa ideig egyik k\u00f6nyvt\u00e1r sem lett volna k\u00e9pes biztos\u00edtani, a  k\u00f6nyvt\u00e1ri munkafolyamat nagy r\u00e9sze elektronikuss\u00e1 v\u00e1lhat. Ez a  k\u00f6lts\u00e9ghat\u00e9konys\u00e1got figyelembe v\u00e9ve, int\u00e9zm\u00e9nyi szerverek telep\u00edt\u00e9s\u00e9vel  t\u00f6rt\u00e9nne meg. A virtu\u00e1lis k\u00f6nyvt\u00e1rak \u2013 az eddigi korl\u00e1tozott  nyitvatart\u00e1si id\u0151vel szemben \u2013 interneten 24 \u00f3r\u00e1ban hozz\u00e1f\u00e9rhet\u0151ek  lesznek, \u00edgy a k\u00f6nyvt\u00e1rhaszn\u00e1l\u00f3k sz\u00e1m\u00e1nak jelent\u0151s n\u00f6veked\u00e9s\u00e9vel  sz\u00e1molunk.<\/li>\n<li>Az elektronikus dokumentumok k\u00f6lcs\u00f6nz\u00e9se otthonr\u00f3l is megoldhat\u00f3v\u00e1  v\u00e1lhat. A fejleszt\u00e9ssel jelent\u0151sen egyszer\u0171s\u00f6dik a kist\u00e9rs\u00e9g  kistelep\u00fcl\u00e9seir\u0151l bej\u00e1r\u00f3 k\u00f6nyvt\u00e1rhaszn\u00e1l\u00f3k szolg\u00e1ltat\u00e1sokhoz val\u00f3  hozz\u00e1f\u00e9r\u00e9se.<\/li>\n<\/ul>\n<p><a name=\"projekteredmenye\"><\/a><\/p>\n<p><strong>A projekt eredm\u00e9nye<\/strong><\/p>\n<ul>\n<li>A projekt eredm\u00e9nyek\u00e9nt jelent\u0151sen javulhatna a digit\u00e1lis \u00edr\u00e1stud\u00e1s  felt\u00e9telrendszere, k\u00f6nnyebb\u00e9 v\u00e1lhatna a h\u00e1tr\u00e1nyos \u00e9s halmozottan  h\u00e1tr\u00e1nyos tanul\u00f3k inform\u00e1ci\u00f3hoz val\u00f3 jut\u00e1sa, seg\u00edts\u00e9get kaphatna az \u00faj  IT technol\u00f3gia<br \/>\nn\u00e9pszer\u0171s\u00edt\u00e9se.<\/li>\n<li>A felhaszn\u00e1l\u00f3 g\u00e9pek beszerz\u00e9s\u00e9vel lehet\u0151s\u00e9g ny\u00edlna  sz\u00e1m\u00edt\u00e1stechnikai, internet haszn\u00e1l\u00f3i tanfolyamok szervez\u00e9s\u00e9re,  megteremtve ezzel a tanul\u00f3kon, dolgoz\u00f3kon t\u00fal egy sz\u00e9lesebb k\u00f6r sz\u00e1m\u00e1ra  (sz\u00fcl\u0151k) az inform\u00e1ci\u00f3hoz, tanul\u00e1st t\u00e1mogat\u00f3 tartalmakhoz val\u00f3 jobb  hozz\u00e1f\u00e9r\u00e9s lehet\u0151s\u00e9g\u00e9t.<\/li>\n<li>A projekt eredm\u00e9nyek\u00e9ppen er\u0151s\u00f6dhet az \u00e9rintett int\u00e9zm\u00e9nyekben az  \u00f6sszetartoz\u00e1s \u00e9rz\u00e9se, ez\u00e1ltal a falvak \u00e9s v\u00e1rosok megtart\u00f3 ereje is  n\u00f6vekedhet.<\/li>\n<li>A fejleszt\u00e9ssel a konzorciumi tagokra \u2013 melyhez Szentes \u00e9s  kist\u00e9rs\u00e9g\u00e9nek tov\u00e1bbi k\u00f6zoktat\u00e1si int\u00e9zm\u00e9nyei is csatlakozhatnak a  k\u00e9s\u0151bbiekben \u2013 kiterjed\u0151 szolg\u00e1ltat\u00e1si rendszer alakul ki, k\u00f6z\u00f6s  tud\u00e1sb\u00e1zis val\u00f3sul meg.<\/li>\n<\/ul>\n<address><\/address>\n<p><a name=\"projekttevekenysege\"><\/a><\/p>\n<p><strong>A projekt tev\u00e9kenys\u00e9ge<\/strong><\/p>\n<ul>\n<li>A projekt tev\u00e9kenys\u00e9ge sor\u00e1n olyan \u00faj, \u00f6sszehangolt, egys\u00e9ges  h\u00e1l\u00f3zat j\u00f6n l\u00e9tre, mely a r\u00e9sztvev\u0151 konzorciumi tagok sz\u00e1m\u00e1ra megteremti  a virtu\u00e1lis k\u00f6nyvt\u00e1r kialak\u00edt\u00e1s\u00e1t, a k\u00f6nyvt\u00e1rhaszn\u00e1l\u00f3k online  hozz\u00e1f\u00e9r\u00e9s\u00e9t v\u00e1rosi, megyei \u00e9s orsz\u00e1gos adatb\u00e1zisokhoz.<\/li>\n<\/ul>\n<p style=\"text-align: right;\"><span style=\"color: #800000;\"> <\/span><\/p>\n","protected":false},"excerpt":{"rendered":"<p>Iskolai e-k\u00f6nyvt\u00e1rak fejleszt\u00e9se H\u00e1rom szentesi \u00e1ltal\u00e1nos iskola k\u00f6nyvt\u00e1rainak egy\u00fcttm\u0171k\u00f6d\u00e9s\u00e9vel k\u00f6z\u00f6s szolg\u00e1ltat\u00e1sok kialak\u00edt\u00e1sa A projekt adatai Alapvet\u0151 c\u00e9lok A konzorcium c\u00e9lja A projekt eredm\u00e9nye A projekt tev\u00e9kenys\u00e9ge A projekt adatai A p\u00e1ly\u00e1zati ki\u00edr\u00e1s: TIOP 1.2.3-09\/1K\u00f6nyvt\u00e1ri szolg\u00e1ltat\u00e1sok \u00f6sszehangolt infrastrukt\u00fara-fejleszt\u00e9se \u2013 \u201cTud\u00e1sexp\u00f3 Expressz\u201d A program c\u00edme: Iskolai e-k\u00f6nyvt\u00e1rak fejleszt\u00e9seH\u00e1rom szentesi \u00e1ltal\u00e1nos iskola k\u00f6nyvt\u00e1rainak egy\u00fcttm\u0171k\u00f6d\u00e9s\u00e9vel k\u00f6z\u00f6s szolg\u00e1ltat\u00e1sok kialak\u00edt\u00e1sa A [&hellip;]<\/p>\n","protected":false},"author":1,"featured_media":0,"parent":14,"menu_order":0,"comment_status":"closed","ping_status":"closed","template":"","meta":{"_mi_skip_tracking":false,"footnotes":""},"class_list":["post-16","page","type-page","status-publish","hentry"],"_links":{"self":[{"href":"https:\/\/szentes-klauzalgabor.hu\/konyvtar\/wp-json\/wp\/v2\/pages\/16","targetHints":{"allow":["GET"]}}],"collection":[{"href":"https:\/\/szentes-klauzalgabor.hu\/konyvtar\/wp-json\/wp\/v2\/pages"}],"about":[{"href":"https:\/\/szentes-klauzalgabor.hu\/konyvtar\/wp-json\/wp\/v2\/types\/page"}],"author":[{"embeddable":true,"href":"https:\/\/szentes-klauzalgabor.hu\/konyvtar\/wp-json\/wp\/v2\/users\/1"}],"replies":[{"embeddable":true,"href":"https:\/\/szentes-klauzalgabor.hu\/konyvtar\/wp-json\/wp\/v2\/comments?post=16"}],"version-history":[{"count":7,"href":"https:\/\/szentes-klauzalgabor.hu\/konyvtar\/wp-json\/wp\/v2\/pages\/16\/revisions"}],"predecessor-version":[{"id":42,"href":"https:\/\/szentes-klauzalgabor.hu\/konyvtar\/wp-json\/wp\/v2\/pages\/16\/revisions\/42"}],"up":[{"embeddable":true,"href":"https:\/\/szentes-klauzalgabor.hu\/konyvtar\/wp-json\/wp\/v2\/pages\/14"}],"wp:attachment":[{"href":"https:\/\/szentes-klauzalgabor.hu\/konyvtar\/wp-json\/wp\/v2\/media?parent=16"}],"curies":[{"name":"wp","href":"https:\/\/api.w.org\/{rel}","templated":true}]}}